{"id":192,"date":"2022-08-09T19:21:47","date_gmt":"2022-08-09T17:21:47","guid":{"rendered":"http:\/\/psychologue-gradignan.com\/?page_id=192"},"modified":"2026-03-12T15:59:50","modified_gmt":"2026-03-12T14:59:50","slug":"parcours","status":"publish","type":"page","link":"https:\/\/psychologue-gradignan.com\/index.php\/parcours\/","title":{"rendered":"Mon parcours"},"content":{"rendered":"\n<p>Apr\u00e8s l\u2019obtention de mon dipl\u00f4me de psychologue \u00e0 l\u2019\u00e9cole de psychologues praticiens de Paris en 2010, j&rsquo;ai travaill\u00e9 durant 15 ans au <strong>centre hospitalier Charles Perrens<\/strong>. J\u2019ai exerc\u00e9 dans diff\u00e9rentes unit\u00e9s prenant en charge des adolescents et adultes, en consultation libre, et en service d\u2019hospitalisation. J\u2019ai notamment travaill\u00e9 durant 10 ans au centre p\u00e9nitentiaire de Bordeaux-Gradignan, et durant 5 ans au centre r\u00e9gional de psychotraumatisme.<\/p>\n\n\n\n<p>J\u2019interviens r\u00e9guli\u00e8rement en tant que charg\u00e9 d\u2019enseignement \u00e0 la <strong>facult\u00e9 de psychologie<\/strong> de Bordeaux, ainsi que dans le DU de criminologie de la <strong>facult\u00e9 de droit<\/strong>. <\/p>\n\n\n\n<p><strong>Mon parcours hospitalier m&rsquo;a conduit de la criminologie \u00e0 la victimologie<\/strong>. J&rsquo;ai acquis une exp\u00e9rience du v\u00e9cu sp\u00e9cifique des victimes de violences conjugales et sexuelles, ainsi que des situations de harc\u00e8lement scolaire et professionnel. Mes ann\u00e9es de travail en institution publique et en cabinet lib\u00e9ral ont \u00e9t\u00e9 d\u00e9di\u00e9es \u00e0 <strong>l&rsquo;\u00e9valuation clinique, \u00e0 la psychoth\u00e9rapie, et \u00e0 la formation des professionnels du champ de la sant\u00e9 mentale.<\/strong><\/p>\n\n\n\n<p>Ma vision de l&rsquo;intervention du psychologue est guid\u00e9e par une volont\u00e9 de <strong>promouvoir l&rsquo;autonomie de la personne<\/strong>, dans l&rsquo;esprit du d\u00e9cret qui encadre l&rsquo;intervention du psychologue en milieu hospitalier.<\/p>\n","protected":false},"excerpt":{"rendered":"<p>Apr\u00e8s l\u2019obtention de mon dipl\u00f4me de psychologue \u00e0 l\u2019\u00e9cole de psychologues praticiens de Paris en 2010, j&rsquo;ai travaill\u00e9 durant 15 ans au centre hospitalier Charles Perrens. J\u2019ai exerc\u00e9 dans diff\u00e9rentes unit\u00e9s prenant en charge des adolescents et adultes, en consultation libre, et en service d\u2019hospitalisation. J\u2019ai notamment travaill\u00e9 durant 10 ans au centre p\u00e9nitentiaire de &hellip; <a href=\"https:\/\/psychologue-gradignan.com\/index.php\/parcours\/\" class=\"more-link\">Continuer la lecture de <span class=\"screen-reader-text\">Mon parcours<\/span> <span class=\"meta-nav\">&rarr;<\/span><\/a><\/p>\n","protected":false},"author":1,"featured_media":0,"parent":0,"menu_order":0,"comment_status":"closed","ping_status":"closed","template":"","meta":{"footnotes":""},"class_list":["post-192","page","type-page","status-publish","hentry"],"_links":{"self":[{"href":"https:\/\/psychologue-gradignan.com\/index.php\/wp-json\/wp\/v2\/pages\/192","targetHints":{"allow":["GET"]}}],"collection":[{"href":"https:\/\/psychologue-gradignan.com\/index.php\/wp-json\/wp\/v2\/pages"}],"about":[{"href":"https:\/\/psychologue-gradignan.com\/index.php\/wp-json\/wp\/v2\/types\/page"}],"author":[{"embeddable":true,"href":"https:\/\/psychologue-gradignan.com\/index.php\/wp-json\/wp\/v2\/users\/1"}],"replies":[{"embeddable":true,"href":"https:\/\/psychologue-gradignan.com\/index.php\/wp-json\/wp\/v2\/comments?post=192"}],"version-history":[{"count":10,"href":"https:\/\/psychologue-gradignan.com\/index.php\/wp-json\/wp\/v2\/pages\/192\/revisions"}],"predecessor-version":[{"id":443,"href":"https:\/\/psychologue-gradignan.com\/index.php\/wp-json\/wp\/v2\/pages\/192\/revisions\/443"}],"wp:attachment":[{"href":"https:\/\/psychologue-gradignan.com\/index.php\/wp-json\/wp\/v2\/media?parent=192"}],"curies":[{"name":"wp","href":"https:\/\/api.w.org\/{rel}","templated":true}]}}